{"id":2442,"date":"2022-09-30T08:40:23","date_gmt":"2022-09-30T08:40:23","guid":{"rendered":"https:\/\/finquesactiva.es\/gestio-de-finques\/"},"modified":"2024-05-29T09:20:28","modified_gmt":"2024-05-29T09:20:28","slug":"gestio-de-finques","status":"publish","type":"page","link":"https:\/\/finquesactiva.es\/ca\/gestio-de-finques\/","title":{"rendered":"Gesti\u00f3 de finques"},"content":{"rendered":"\t\t<div data-elementor-type=\"wp-page\" data-elementor-id=\"2442\" class=\"elementor elementor-2442 elementor-523\" data-elementor-post-type=\"page\">\n\t\t\t\t\t\t<section class=\"elementor-section elementor-top-section elementor-element elementor-element-54ea0b6 elementor-section-height-min-height elementor-section-content-middle elementor-section-boxed elementor-section-height-default elementor-section-items-middle\" data-id=\"54ea0b6\" data-element_type=\"section\" id=\"cabecera\" data-settings=\"{&quot;background_background&quot;:&quot;classic&quot;,&quot;shape_divider_bottom&quot;:&quot;tilt&quot;}\">\n\t\t\t\t\t\t\t<div class=\"elementor-background-overlay\"><\/div>\n\t\t\t\t\t\t<div class=\"elementor-shape elementor-shape-bottom\" aria-hidden=\"true\" data-negative=\"false\">\n\t\t\t<svg xmlns=\"http:\/\/www.w3.org\/2000\/svg\" viewBox=\"0 0 1000 100\" preserveAspectRatio=\"none\">\n\t<path class=\"elementor-shape-fill\" d=\"M0,6V0h1000v100L0,6z\"\/>\n<\/svg>\t\t<\/div>\n\t\t\t\t\t<div class=\"elementor-container elementor-column-gap-default\">\n\t\t\t\t\t<div class=\"elementor-column elementor-col-100 elementor-top-column elementor-element elementor-element-4a86c5f\" data-id=\"4a86c5f\" data-element_type=\"column\">\n\t\t\t<div class=\"elementor-widget-wrap elementor-element-populated\">\n\t\t\t\t\t\t<div class=\"elementor-element elementor-element-08023a9 elementor-widget elementor-widget-heading\" data-id=\"08023a9\" data-element_type=\"widget\" data-widget_type=\"heading.default\">\n\t\t\t\t<div class=\"elementor-widget-container\">\n\t\t\t\t\t<h1 class=\"elementor-heading-title elementor-size-default\">Gesti\u00f3 de finques integral<\/h1>\t\t\t\t<\/div>\n\t\t\t\t<\/div>\n\t\t\t\t<div class=\"elementor-element elementor-element-e11d003 elementor-widget elementor-widget-text-editor\" data-id=\"e11d003\" data-element_type=\"widget\" data-widget_type=\"text-editor.default\">\n\t\t\t\t<div class=\"elementor-widget-container\">\n\t\t\t\t\t\t\t\t\t<p>A Finques Activa som experts en l&#8217;administraci\u00f3 de finques. Ens ocupem de tot el que sigui necessari perqu\u00e8 els nostres clients gaudeixin d&#8217;una comunitat cuidada, on tot funcioni correctament. Et proporcionem ajuda tant amb les tasques de manteniment i millora com en assumptes jur\u00eddics, legals i fiscals.<\/p>\n\t\t\t\t\t\t\t\t<\/div>\n\t\t\t\t<\/div>\n\t\t\t\t<div class=\"elementor-element elementor-element-a04cf0a animation-none elementor-widget elementor-widget-eae-dual-button\" data-id=\"a04cf0a\" data-element_type=\"widget\" data-widget_type=\"eae-dual-button.default\">\n\t\t\t\t<div class=\"elementor-widget-container\">\n\t\t\t\t\t\t\t<div class=\"eae-dual-button-main-wrapper\">\n\t\t\t<div class=\"eae-dual-button-wrapper button-style-horizontal\">\n\t\t\t\t<div class=\"eae-button1\">\n\t\t\t\t\t<a class=\"eae-button-1-wrapper\" href=\"tel:+35648010575\">\n\t\t\t\t\t\t<div class=\"eae-button-1 icon-before\">\n\t\t\t\t\t\t\t\t\t\t\t\t\t\t\t<div class=\"eae-db-icon-wrapper\">\n\t\t\t\t\t\t\t\t\t<i aria-hidden=\"true\" class=\"fab fa-whatsapp\"><\/i>\t\t\t\t\t\t\t\t<\/div>\n\t\t\t\t\t\t\t\t\t\t\t\t\t\t<div class=\"eae-button-text\">648 01 05 75<\/div>\n\t\t\t\t\t\t<\/div>\n\t\t\t\t\t<\/a>\n\n\t\t\t\t\t\t\t\t\t<\/div>\n\t\t\t\t<div class=\"eae-button2\">\n\t\t\t\t\t\t\t\t\t\t<a class=\"eae-button-2-wrapper\" href=\"tel:+34977385854\">\n\t\t\t\t\t\t<div class=\"eae-button-2 icon-after\">\n\t\t\t\t\t\t\t\t\t\t\t\t\t\t\t<div class=\"eae-db-icon-wrapper\">\n\t\t\t\t\t\t\t\t\t<i aria-hidden=\"true\" class=\"fas fa-phone-alt\"><\/i>\t\t\t\t\t\t\t\t<\/div>\n\t\t\t\t\t\t\t\t\t\t\t\t\t\t<div class=\"eae-button-text\">977 385 854<\/div>\n\t\t\t\t\t\t<\/div>\n\t\t\t\t\t<\/a>\n\t\t\t\t<\/div>\n\t\t\t<\/div>\n\t\t<\/div>\n\t\t\t\t\t\t<\/div>\n\t\t\t\t<\/div>\n\t\t\t\t\t<\/div>\n\t\t<\/div>\n\t\t\t\t\t<\/div>\n\t\t<\/section>\n\t\t\t\t<section class=\"elementor-section elementor-top-section elementor-element elementor-element-62a48b9 elementor-section-height-min-height elementor-section-boxed elementor-section-height-default elementor-section-items-middle\" data-id=\"62a48b9\" data-element_type=\"section\" data-settings=\"{&quot;background_background&quot;:&quot;classic&quot;,&quot;shape_divider_top&quot;:&quot;tilt&quot;,&quot;shape_divider_bottom&quot;:&quot;tilt&quot;}\">\n\t\t\t\t\t<div class=\"elementor-shape elementor-shape-top\" aria-hidden=\"true\" data-negative=\"false\">\n\t\t\t<svg xmlns=\"http:\/\/www.w3.org\/2000\/svg\" viewBox=\"0 0 1000 100\" preserveAspectRatio=\"none\">\n\t<path class=\"elementor-shape-fill\" d=\"M0,6V0h1000v100L0,6z\"\/>\n<\/svg>\t\t<\/div>\n\t\t\t\t<div class=\"elementor-shape elementor-shape-bottom\" aria-hidden=\"true\" data-negative=\"false\">\n\t\t\t<svg xmlns=\"http:\/\/www.w3.org\/2000\/svg\" viewBox=\"0 0 1000 100\" preserveAspectRatio=\"none\">\n\t<path class=\"elementor-shape-fill\" d=\"M0,6V0h1000v100L0,6z\"\/>\n<\/svg>\t\t<\/div>\n\t\t\t\t\t<div class=\"elementor-container elementor-column-gap-default\">\n\t\t\t\t\t<div class=\"elementor-column elementor-col-100 elementor-top-column elementor-element elementor-element-f3565de\" data-id=\"f3565de\" data-element_type=\"column\">\n\t\t\t<div class=\"elementor-widget-wrap\">\n\t\t\t\t\t\t\t<\/div>\n\t\t<\/div>\n\t\t\t\t\t<\/div>\n\t\t<\/section>\n\t\t\t\t<section class=\"elementor-section elementor-top-section elementor-element elementor-element-4354385 elementor-section-boxed elementor-section-height-default elementor-section-height-default\" data-id=\"4354385\" data-element_type=\"section\" id=\"gestion2\" data-settings=\"{&quot;background_background&quot;:&quot;classic&quot;}\">\n\t\t\t\t\t\t<div class=\"elementor-container elementor-column-gap-default\">\n\t\t\t\t\t<div class=\"elementor-column elementor-col-100 elementor-top-column elementor-element elementor-element-6551f2e\" data-id=\"6551f2e\" data-element_type=\"column\">\n\t\t\t<div class=\"elementor-widget-wrap elementor-element-populated\">\n\t\t\t\t\t\t<section class=\"elementor-section elementor-inner-section elementor-element elementor-element-a763530 sec1 elementor-section-boxed elementor-section-height-default elementor-section-height-default\" data-id=\"a763530\" data-element_type=\"section\">\n\t\t\t\t\t\t<div class=\"elementor-container elementor-column-gap-default\">\n\t\t\t\t\t<div class=\"elementor-column elementor-col-100 elementor-inner-column elementor-element elementor-element-327957e\" data-id=\"327957e\" data-element_type=\"column\">\n\t\t\t<div class=\"elementor-widget-wrap elementor-element-populated\">\n\t\t\t\t\t\t<div class=\"elementor-element elementor-element-6e90a1f elementor-widget elementor-widget-text-editor\" data-id=\"6e90a1f\" data-element_type=\"widget\" data-widget_type=\"text-editor.default\">\n\t\t\t\t<div class=\"elementor-widget-container\">\n\t\t\t\t\t\t\t\t\t<h2>Treballem per fer el dia a dia a la teva comunitat, <span class=\"orange\">molt m\u00e9s f\u00e0cil<\/span><\/h2>\n\t\t\t\t\t\t\t\t<\/div>\n\t\t\t\t<\/div>\n\t\t\t\t\t<\/div>\n\t\t<\/div>\n\t\t\t\t\t<\/div>\n\t\t<\/section>\n\t\t\t\t<section class=\"elementor-section elementor-inner-section elementor-element elementor-element-b0aa29d sec2 elementor-section-boxed elementor-section-height-default elementor-section-height-default\" data-id=\"b0aa29d\" data-element_type=\"section\">\n\t\t\t\t\t\t<div class=\"elementor-container elementor-column-gap-default\">\n\t\t\t\t\t<div class=\"elementor-column elementor-col-33 elementor-inner-column elementor-element elementor-element-2d55c95 col\" data-id=\"2d55c95\" data-element_type=\"column\">\n\t\t\t<div class=\"elementor-widget-wrap elementor-element-populated\">\n\t\t\t\t\t\t<div class=\"elementor-element elementor-element-9d6c0c0 elementor-widget elementor-widget-text-editor\" data-id=\"9d6c0c0\" data-element_type=\"widget\" data-widget_type=\"text-editor.default\">\n\t\t\t\t<div class=\"elementor-widget-container\">\n\t\t\t\t\t\t\t\t\t<p><span class=\"hr-smashing\"><\/span>TRANSPAR\u00c8NCIA<\/p>\n\t\t\t\t\t\t\t\t<\/div>\n\t\t\t\t<\/div>\n\t\t\t\t<div class=\"elementor-element elementor-element-c38f2ce elementor-widget elementor-widget-text-editor\" data-id=\"c38f2ce\" data-element_type=\"widget\" data-widget_type=\"text-editor.default\">\n\t\t\t\t<div class=\"elementor-widget-container\">\n\t\t\t\t\t\t\t\t\t<p>Volem oferir-te totes les solucions que necessites. Per aix\u00f2, som directes, parlem sense embuts I t\u2019expliquem tot el que vulguis saber.<\/p>\n\t\t\t\t\t\t\t\t<\/div>\n\t\t\t\t<\/div>\n\t\t\t\t\t<\/div>\n\t\t<\/div>\n\t\t\t\t<div class=\"elementor-column elementor-col-33 elementor-inner-column elementor-element elementor-element-59bbd00 col\" data-id=\"59bbd00\" data-element_type=\"column\">\n\t\t\t<div class=\"elementor-widget-wrap elementor-element-populated\">\n\t\t\t\t\t\t<div class=\"elementor-element elementor-element-c7d71cb elementor-widget elementor-widget-text-editor\" data-id=\"c7d71cb\" data-element_type=\"widget\" data-widget_type=\"text-editor.default\">\n\t\t\t\t<div class=\"elementor-widget-container\">\n\t\t\t\t\t\t\t\t\t<p><span class=\"hr-smashing\"><\/span>EXPERI\u00c8NCIA<\/p>\n\t\t\t\t\t\t\t\t<\/div>\n\t\t\t\t<\/div>\n\t\t\t\t<div class=\"elementor-element elementor-element-af37fe6 elementor-widget elementor-widget-text-editor\" data-id=\"af37fe6\" data-element_type=\"widget\" data-widget_type=\"text-editor.default\">\n\t\t\t\t<div class=\"elementor-widget-container\">\n\t\t\t\t\t\t\t\t\t<p>Som una empresa familiar amb una gran traject\u00f2ria. Portem des del 1997 gestionant amb \u00e8xit comunitats de ve\u00efns. una activitat que ens apassiona i a la que dediquem cada dia tots els nostres esfor\u00e7os.<\/p>\n\t\t\t\t\t\t\t\t<\/div>\n\t\t\t\t<\/div>\n\t\t\t\t\t<\/div>\n\t\t<\/div>\n\t\t\t\t<div class=\"elementor-column elementor-col-33 elementor-inner-column elementor-element elementor-element-d26f197 col\" data-id=\"d26f197\" data-element_type=\"column\">\n\t\t\t<div class=\"elementor-widget-wrap elementor-element-populated\">\n\t\t\t\t\t\t<div class=\"elementor-element elementor-element-d5b4eb5 elementor-widget elementor-widget-text-editor\" data-id=\"d5b4eb5\" data-element_type=\"widget\" data-widget_type=\"text-editor.default\">\n\t\t\t\t<div class=\"elementor-widget-container\">\n\t\t\t\t\t\t\t\t\t<p><span class=\"hr-smashing\"><\/span>FACILITAT<\/p>\n\t\t\t\t\t\t\t\t<\/div>\n\t\t\t\t<\/div>\n\t\t\t\t<div class=\"elementor-element elementor-element-520feea elementor-widget elementor-widget-text-editor\" data-id=\"520feea\" data-element_type=\"widget\" data-widget_type=\"text-editor.default\">\n\t\t\t\t<div class=\"elementor-widget-container\">\n\t\t\t\t\t\t\t\t\t<p>Ens ocupem de totes les necessitats que vagin sorgint en la comunitat perqu\u00e8 tot funcioni correctament, sense que hagis de complicar-te o dedicar-li massa temps.<\/p>\n\t\t\t\t\t\t\t\t<\/div>\n\t\t\t\t<\/div>\n\t\t\t\t\t<\/div>\n\t\t<\/div>\n\t\t\t\t\t<\/div>\n\t\t<\/section>\n\t\t\t\t\t<\/div>\n\t\t<\/div>\n\t\t\t\t\t<\/div>\n\t\t<\/section>\n\t\t\t\t<section class=\"elementor-section elementor-top-section elementor-element elementor-element-bf0abd7 elementor-section-content-middle pb10 elementor-reverse-mobile elementor-reverse-tablet elementor-section-boxed elementor-section-height-default elementor-section-height-default\" data-id=\"bf0abd7\" data-element_type=\"section\" data-settings=\"{&quot;background_background&quot;:&quot;classic&quot;}\">\n\t\t\t\t\t\t<div class=\"elementor-container elementor-column-gap-default\">\n\t\t\t\t\t<div class=\"elementor-column elementor-col-50 elementor-top-column elementor-element elementor-element-22077bd\" data-id=\"22077bd\" data-element_type=\"column\">\n\t\t\t<div class=\"elementor-widget-wrap elementor-element-populated\">\n\t\t\t\t\t\t<div class=\"elementor-element elementor-element-13d88c1 elementor-widget elementor-widget-text-editor\" data-id=\"13d88c1\" data-element_type=\"widget\" data-widget_type=\"text-editor.default\">\n\t\t\t\t<div class=\"elementor-widget-container\">\n\t\t\t\t\t\t\t\t\t<p>TOTA LA INFORMACI\u00d3 ALINEADA<\/p>\n\t\t\t\t\t\t\t\t<\/div>\n\t\t\t\t<\/div>\n\t\t\t\t<div class=\"elementor-element elementor-element-f844e44 elementor-widget elementor-widget-text-editor\" data-id=\"f844e44\" data-element_type=\"widget\" data-widget_type=\"text-editor.default\">\n\t\t\t\t<div class=\"elementor-widget-container\">\n\t\t\t\t\t\t\t\t\t<h2>Gesti\u00f3 de <span class=\"orange\">reunions i comunicacions<\/span><\/h2>\n\t\t\t\t\t\t\t\t<\/div>\n\t\t\t\t<\/div>\n\t\t\t\t<div class=\"elementor-element elementor-element-9bb4ddc elementor-widget elementor-widget-text-editor\" data-id=\"9bb4ddc\" data-element_type=\"widget\" data-widget_type=\"text-editor.default\">\n\t\t\t\t<div class=\"elementor-widget-container\">\n\t\t\t\t\t\t\t\t\t<p>Ens ocupem de <strong>preparar i enviar les convocat\u00f2ries per a les juntes de propietaris<\/strong>, tant ordin\u00e0ries com extraordin\u00e0ries, segons les indicacions del president de la comunitat o del qu\u00f2rum establert en l&#8217;article 553-21.2. <strong>Assistim a les assemblees que el president consideri oportunes<\/strong> per a assessorar i ajudar en tot el possible. El nostre objectiu \u00e9s trobar les millors solucions als possibles problemes que vagi sorgint, actuant de moderadors en cas que sigui necessari. Tamb\u00e9 <strong>ens encarreguem de redactar les actes despr\u00e9s de l&#8217;assemblea.<\/strong><\/p>\n<\/p>\n<p>Aix\u00ed mateix, tamb\u00e9 <strong>confeccionem els pressupostos aprovats i enviem les circulars<\/strong>, cartes, sol\u00b7licituds, notificacions i escrits que siguin necessaris. Alguns exemples d\u2019aix\u00f2 serien els burofaxos que enviem als propietaris deutors quan s\u2019ha d\u2019iniciar un procediment judicial o els avisos per inici d&#8217;obres o per qualsevol altra q\u00fcesti\u00f3 de la qual hagin d&#8217;estar informats. En definitiva, paperassa que, normalment, requereix molt de temps i que pots estalviar-te contractant un administrador de finques.<\/p>\n\t\t\t\t\t\t\t\t<\/div>\n\t\t\t\t<\/div>\n\t\t\t\t\t<\/div>\n\t\t<\/div>\n\t\t\t\t<div class=\"elementor-column elementor-col-50 elementor-top-column elementor-element elementor-element-1df1ee5\" data-id=\"1df1ee5\" data-element_type=\"column\">\n\t\t\t<div class=\"elementor-widget-wrap elementor-element-populated\">\n\t\t\t\t\t\t<div class=\"elementor-element elementor-element-10b66a4 elementor-widget elementor-widget-image\" data-id=\"10b66a4\" data-element_type=\"widget\" data-widget_type=\"image.default\">\n\t\t\t\t<div class=\"elementor-widget-container\">\n\t\t\t\t\t\t\t\t\t\t\t\t\t\t\t<img fetchpriority=\"high\" decoding=\"async\" width=\"483\" height=\"467\" src=\"https:\/\/finquesactiva.es\/wp-content\/uploads\/2022\/11\/reuniones-comunicaicones.jpg\" class=\"attachment-full size-full wp-image-2341\" alt=\"\" srcset=\"https:\/\/finquesactiva.es\/wp-content\/uploads\/2022\/11\/reuniones-comunicaicones.jpg 483w, https:\/\/finquesactiva.es\/wp-content\/uploads\/2022\/11\/reuniones-comunicaicones-300x290.jpg 300w\" sizes=\"(max-width: 483px) 100vw, 483px\" \/>\t\t\t\t\t\t\t\t\t\t\t\t\t\t\t<\/div>\n\t\t\t\t<\/div>\n\t\t\t\t\t<\/div>\n\t\t<\/div>\n\t\t\t\t\t<\/div>\n\t\t<\/section>\n\t\t\t\t<section class=\"elementor-section elementor-top-section elementor-element elementor-element-f8256c2 elementor-section-content-middle pb10 elementor-section-boxed elementor-section-height-default elementor-section-height-default\" data-id=\"f8256c2\" data-element_type=\"section\" data-settings=\"{&quot;background_background&quot;:&quot;classic&quot;}\">\n\t\t\t\t\t\t<div class=\"elementor-container elementor-column-gap-default\">\n\t\t\t\t\t<div class=\"elementor-column elementor-col-50 elementor-top-column elementor-element elementor-element-30dc935\" data-id=\"30dc935\" data-element_type=\"column\">\n\t\t\t<div class=\"elementor-widget-wrap elementor-element-populated\">\n\t\t\t\t\t\t<div class=\"elementor-element elementor-element-2c7fcbd elementor-widget elementor-widget-image\" data-id=\"2c7fcbd\" data-element_type=\"widget\" data-widget_type=\"image.default\">\n\t\t\t\t<div class=\"elementor-widget-container\">\n\t\t\t\t\t\t\t\t\t\t\t\t\t\t\t<img decoding=\"async\" width=\"483\" height=\"467\" src=\"https:\/\/finquesactiva.es\/wp-content\/uploads\/2022\/11\/admin-y-tesoreria.jpg\" class=\"attachment-full size-full wp-image-2342\" alt=\"\" srcset=\"https:\/\/finquesactiva.es\/wp-content\/uploads\/2022\/11\/admin-y-tesoreria.jpg 483w, https:\/\/finquesactiva.es\/wp-content\/uploads\/2022\/11\/admin-y-tesoreria-300x290.jpg 300w\" sizes=\"(max-width: 483px) 100vw, 483px\" \/>\t\t\t\t\t\t\t\t\t\t\t\t\t\t\t<\/div>\n\t\t\t\t<\/div>\n\t\t\t\t\t<\/div>\n\t\t<\/div>\n\t\t\t\t<div class=\"elementor-column elementor-col-50 elementor-top-column elementor-element elementor-element-933c27a\" data-id=\"933c27a\" data-element_type=\"column\">\n\t\t\t<div class=\"elementor-widget-wrap elementor-element-populated\">\n\t\t\t\t\t\t<div class=\"elementor-element elementor-element-f877d12 elementor-widget elementor-widget-text-editor\" data-id=\"f877d12\" data-element_type=\"widget\" data-widget_type=\"text-editor.default\">\n\t\t\t\t<div class=\"elementor-widget-container\">\n\t\t\t\t\t\t\t\t\t<p>ELS COMPTES CLARS I OPTIMITZATS<\/p>\n\t\t\t\t\t\t\t\t<\/div>\n\t\t\t\t<\/div>\n\t\t\t\t<div class=\"elementor-element elementor-element-3c39cea elementor-widget elementor-widget-text-editor\" data-id=\"3c39cea\" data-element_type=\"widget\" data-widget_type=\"text-editor.default\">\n\t\t\t\t<div class=\"elementor-widget-container\">\n\t\t\t\t\t\t\t\t\t<h2>Gesti\u00f3 <span class=\"orange\">administrativa i tresoreria<\/span> de la comunitat<\/h2>\n\t\t\t\t\t\t\t\t<\/div>\n\t\t\t\t<\/div>\n\t\t\t\t<div class=\"elementor-element elementor-element-a4b70ec elementor-widget elementor-widget-text-editor\" data-id=\"a4b70ec\" data-element_type=\"widget\" data-widget_type=\"text-editor.default\">\n\t\t\t\t<div class=\"elementor-widget-container\">\n\t\t\t\t\t\t\t\t\t<p>Ens encarreguem de l&#8217;<strong>administraci\u00f3 de comunitats en tot all\u00f2 relacionat amb la comptabilitat<\/strong>, duent a terme el repartiment de despeses sobre la base dels coeficients establerts. Confeccionem els <strong>rebuts de les quotes mensuals i de les bestretes<\/strong> que es vagin aprovant de manera extraordin\u00e0ria per a les obres de manteniment i millora que siguin necess\u00e0ries. Tamb\u00e9 portem el <strong>control del deute dels possibles propietaris deutors<\/strong>, duent a terme un seguiment continu, aix\u00ed com la reclamaci\u00f3 pertinent de manera amistosa.<\/p>\n<\/p>\n<p>Tamb\u00e9 portem el control del deute dels possibles propietaris deutors, duent a terme un seguiment continu, aix\u00ed com la reclamaci\u00f3 pertinent de manera amistosa. Partint d\u2019aqu\u00ed, i tenint en compte les despeses, <strong>fixem el pressupost anual<\/strong>, on s&#8217;inclouran totes les partides, tant aquelles que s\u00f3n fixes com les que s\u00f3n variables. Aquest \u00e9s el pressupost que ser\u00e0 presentat en la junta ordin\u00e0ria a l&#8217;inici de l&#8217;any.<\/p>\n<\/p>\n<p>A m\u00e9s, gr\u00e0cies al fet que la gesti\u00f3 administrativa est\u00e0 completament informatitzada, podem facilitar en tot moment el seguiment de totes les anotacions comptables. D\u2019aquesta manera, el president podr\u00e0 disposar de l&#8217;estat dels comptes per a con\u00e8ixer la situaci\u00f3 de la comunitat, sempre que ho necessiti. El compte bancari estar\u00e0 a nom de la comunitat i, per a poder tenir al dia la comptabilitat i poder gestionar els rebuts, es treballar\u00e0 a trav\u00e9s de la l\u00ednia electr\u00f2nica de l&#8217;entitat banc\u00e0ria.<\/p>\n\t\t\t\t\t\t\t\t<\/div>\n\t\t\t\t<\/div>\n\t\t\t\t\t<\/div>\n\t\t<\/div>\n\t\t\t\t\t<\/div>\n\t\t<\/section>\n\t\t\t\t<section class=\"elementor-section elementor-top-section elementor-element elementor-element-153fcf5 elementor-section-boxed elementor-section-height-default elementor-section-height-default\" data-id=\"153fcf5\" data-element_type=\"section\" id=\"home3\" data-settings=\"{&quot;background_background&quot;:&quot;classic&quot;}\">\n\t\t\t\t\t\t<div class=\"elementor-container elementor-column-gap-default\">\n\t\t\t\t\t<div class=\"elementor-column elementor-col-100 elementor-top-column elementor-element elementor-element-1fb2a24\" data-id=\"1fb2a24\" data-element_type=\"column\" data-settings=\"{&quot;background_background&quot;:&quot;classic&quot;}\">\n\t\t\t<div class=\"elementor-widget-wrap elementor-element-populated\">\n\t\t\t\t\t\t<div class=\"elementor-element elementor-element-ebb1a3c elementor-widget elementor-widget-text-editor\" data-id=\"ebb1a3c\" data-element_type=\"widget\" data-widget_type=\"text-editor.default\">\n\t\t\t\t<div class=\"elementor-widget-container\">\n\t\t\t\t\t\t\t\t\t<h2>Necessites ajuda amb un tr\u00e0mit concret?\n<\/h2>\t\t\t\t\t\t\t\t<\/div>\n\t\t\t\t<\/div>\n\t\t\t\t<div class=\"elementor-element elementor-element-c744a26 elementor-widget elementor-widget-text-editor\" data-id=\"c744a26\" data-element_type=\"widget\" data-widget_type=\"text-editor.default\">\n\t\t\t\t<div class=\"elementor-widget-container\">\n\t\t\t\t\t\t\t\t\t<p>Encara que hi ha comunitats petites que es gestionen des de dins perqu\u00e8 no necessiten executar moltes tasques o massa paperassa, pot succeir que precisin contractar un administrador de comunitats per a un assumpte concret, com tramitar una subvenci\u00f3 o realitzar modificacions en els estatuts de la comunitat. \u00c9s per aix\u00f2 que tamb\u00e9 oferim aquest tipus de servei de manera puntual.<\/p>\n\t\t\t\t\t\t\t\t<\/div>\n\t\t\t\t<\/div>\n\t\t\t\t<div class=\"elementor-element elementor-element-16a1fc0 animation-none elementor-widget elementor-widget-global elementor-global-1341 elementor-widget-eae-dual-button\" data-id=\"16a1fc0\" data-element_type=\"widget\" data-widget_type=\"eae-dual-button.default\">\n\t\t\t\t<div class=\"elementor-widget-container\">\n\t\t\t\t\t\t\t<div class=\"eae-dual-button-main-wrapper\">\n\t\t\t<div class=\"eae-dual-button-wrapper button-style-horizontal\">\n\t\t\t\t<div class=\"eae-button1\">\n\t\t\t\t\t<a class=\"eae-button-1-wrapper\" href=\"tel:+35648010575\">\n\t\t\t\t\t\t<div class=\"eae-button-1 icon-before\">\n\t\t\t\t\t\t\t\t\t\t\t\t\t\t\t<div class=\"eae-db-icon-wrapper\">\n\t\t\t\t\t\t\t\t\t<i aria-hidden=\"true\" class=\"fab fa-whatsapp\"><\/i>\t\t\t\t\t\t\t\t<\/div>\n\t\t\t\t\t\t\t\t\t\t\t\t\t\t<div class=\"eae-button-text\">648 01 05 75<\/div>\n\t\t\t\t\t\t<\/div>\n\t\t\t\t\t<\/a>\n\n\t\t\t\t\t\t\t\t\t<\/div>\n\t\t\t\t<div class=\"eae-button2\">\n\t\t\t\t\t\t\t\t\t\t<a class=\"eae-button-2-wrapper\" href=\"tel:+34977385854\">\n\t\t\t\t\t\t<div class=\"eae-button-2 icon-after\">\n\t\t\t\t\t\t\t\t\t\t\t\t\t\t\t<div class=\"eae-db-icon-wrapper\">\n\t\t\t\t\t\t\t\t\t<i aria-hidden=\"true\" class=\"fas fa-phone-alt\"><\/i>\t\t\t\t\t\t\t\t<\/div>\n\t\t\t\t\t\t\t\t\t\t\t\t\t\t<div class=\"eae-button-text\">977 385 854<\/div>\n\t\t\t\t\t\t<\/div>\n\t\t\t\t\t<\/a>\n\t\t\t\t<\/div>\n\t\t\t<\/div>\n\t\t<\/div>\n\t\t\t\t\t\t<\/div>\n\t\t\t\t<\/div>\n\t\t\t\t\t<\/div>\n\t\t<\/div>\n\t\t\t\t\t<\/div>\n\t\t<\/section>\n\t\t\t\t<section class=\"elementor-section elementor-top-section elementor-element elementor-element-a55596c elementor-section-content-middle pb10 elementor-reverse-mobile elementor-reverse-tablet elementor-section-boxed elementor-section-height-default elementor-section-height-default\" data-id=\"a55596c\" data-element_type=\"section\" data-settings=\"{&quot;background_background&quot;:&quot;classic&quot;}\">\n\t\t\t\t\t\t<div class=\"elementor-container elementor-column-gap-default\">\n\t\t\t\t\t<div class=\"elementor-column elementor-col-50 elementor-top-column elementor-element elementor-element-520990a\" data-id=\"520990a\" data-element_type=\"column\">\n\t\t\t<div class=\"elementor-widget-wrap elementor-element-populated\">\n\t\t\t\t\t\t<div class=\"elementor-element elementor-element-278479a elementor-widget elementor-widget-text-editor\" data-id=\"278479a\" data-element_type=\"widget\" data-widget_type=\"text-editor.default\">\n\t\t\t\t<div class=\"elementor-widget-container\">\n\t\t\t\t\t\t\t\t\t<p>LA TEVA FINCA SEMPRE EN LES MILLORS CONDICIONS<\/p>\n\t\t\t\t\t\t\t\t<\/div>\n\t\t\t\t<\/div>\n\t\t\t\t<div class=\"elementor-element elementor-element-03bf62e elementor-widget elementor-widget-text-editor\" data-id=\"03bf62e\" data-element_type=\"widget\" data-widget_type=\"text-editor.default\">\n\t\t\t\t<div class=\"elementor-widget-container\">\n\t\t\t\t\t\t\t\t\t<h2><span class=\"orange\">Conservaci\u00f3 i manteniment<\/span> de la finca<\/h2>\n\t\t\t\t\t\t\t\t<\/div>\n\t\t\t\t<\/div>\n\t\t\t\t<div class=\"elementor-element elementor-element-180c047 elementor-widget elementor-widget-text-editor\" data-id=\"180c047\" data-element_type=\"widget\" data-widget_type=\"text-editor.default\">\n\t\t\t\t<div class=\"elementor-widget-container\">\n\t\t\t\t\t\t\t\t\t<p><strong>Portem un control administratiu de les obres i treballs de manteniment i conservaci\u00f3<\/strong> de l&#8217;edifici, tant d\u2019aquelles que s\u00f3n de car\u00e0cter ordinari, com pintar o revisar la caldera, com d\u2019altres que sorgeixen de manera extraordin\u00e0ria, com una fuita d&#8217;aigua o l&#8217;avaria de l&#8217;ascensor. Per a aix\u00f2, fem visites peri\u00f2diques a les instal\u00b7lacions de la finca, de manera que podem saber quines s\u00f3n les necessitats que requereixen intervenci\u00f3 en cada moment.<\/p>\n<\/p>\n<p><strong>Sol\u00b7licitem diferents pressupostos<\/strong> perqu\u00e8 pugueu prendre la millor decisi\u00f3 i ho gestionem tot amb els prove\u00efdors i t\u00e8cnics per a solucionar el problema, com m\u00e9s aviat millor. Fins i tot, si cal tractar el tema amb la companyia d&#8217;assegurances, ens encarreguem de dur a terme tot el seguiment del sinistre fins que aquest quedi solucionat, oferint sempre un contacte permanent amb professionals que puguin assessorar-vos.<\/p>\n\t\t\t\t\t\t\t\t<\/div>\n\t\t\t\t<\/div>\n\t\t\t\t\t<\/div>\n\t\t<\/div>\n\t\t\t\t<div class=\"elementor-column elementor-col-50 elementor-top-column elementor-element elementor-element-8cc9452\" data-id=\"8cc9452\" data-element_type=\"column\">\n\t\t\t<div class=\"elementor-widget-wrap elementor-element-populated\">\n\t\t\t\t\t\t<div class=\"elementor-element elementor-element-0ec3c53 elementor-widget elementor-widget-image\" data-id=\"0ec3c53\" data-element_type=\"widget\" data-widget_type=\"image.default\">\n\t\t\t\t<div class=\"elementor-widget-container\">\n\t\t\t\t\t\t\t\t\t\t\t\t\t\t\t<img decoding=\"async\" width=\"483\" height=\"467\" src=\"https:\/\/finquesactiva.es\/wp-content\/uploads\/2022\/11\/conservacion-finca-1.jpg\" class=\"attachment-full size-full wp-image-2343\" alt=\"\" srcset=\"https:\/\/finquesactiva.es\/wp-content\/uploads\/2022\/11\/conservacion-finca-1.jpg 483w, https:\/\/finquesactiva.es\/wp-content\/uploads\/2022\/11\/conservacion-finca-1-300x290.jpg 300w\" sizes=\"(max-width: 483px) 100vw, 483px\" \/>\t\t\t\t\t\t\t\t\t\t\t\t\t\t\t<\/div>\n\t\t\t\t<\/div>\n\t\t\t\t\t<\/div>\n\t\t<\/div>\n\t\t\t\t\t<\/div>\n\t\t<\/section>\n\t\t\t\t<section class=\"elementor-section elementor-top-section elementor-element elementor-element-f6734e6 elementor-section-content-middle pb10 elementor-section-boxed elementor-section-height-default elementor-section-height-default\" data-id=\"f6734e6\" data-element_type=\"section\" data-settings=\"{&quot;background_background&quot;:&quot;classic&quot;}\">\n\t\t\t\t\t\t<div class=\"elementor-container elementor-column-gap-default\">\n\t\t\t\t\t<div class=\"elementor-column elementor-col-50 elementor-top-column elementor-element elementor-element-c21d759\" data-id=\"c21d759\" data-element_type=\"column\">\n\t\t\t<div class=\"elementor-widget-wrap elementor-element-populated\">\n\t\t\t\t\t\t<div class=\"elementor-element elementor-element-eb6c03b elementor-widget elementor-widget-image\" data-id=\"eb6c03b\" data-element_type=\"widget\" data-widget_type=\"image.default\">\n\t\t\t\t<div class=\"elementor-widget-container\">\n\t\t\t\t\t\t\t\t\t\t\t\t\t\t\t<img loading=\"lazy\" decoding=\"async\" width=\"483\" height=\"467\" src=\"https:\/\/finquesactiva.es\/wp-content\/uploads\/2022\/11\/ass-tecnico-juridico.jpg\" class=\"attachment-full size-full wp-image-2344\" alt=\"\" srcset=\"https:\/\/finquesactiva.es\/wp-content\/uploads\/2022\/11\/ass-tecnico-juridico.jpg 483w, https:\/\/finquesactiva.es\/wp-content\/uploads\/2022\/11\/ass-tecnico-juridico-300x290.jpg 300w\" sizes=\"(max-width: 483px) 100vw, 483px\" \/>\t\t\t\t\t\t\t\t\t\t\t\t\t\t\t<\/div>\n\t\t\t\t<\/div>\n\t\t\t\t\t<\/div>\n\t\t<\/div>\n\t\t\t\t<div class=\"elementor-column elementor-col-50 elementor-top-column elementor-element elementor-element-d4ec2df\" data-id=\"d4ec2df\" data-element_type=\"column\">\n\t\t\t<div class=\"elementor-widget-wrap elementor-element-populated\">\n\t\t\t\t\t\t<div class=\"elementor-element elementor-element-b2e4751 elementor-widget elementor-widget-text-editor\" data-id=\"b2e4751\" data-element_type=\"widget\" data-widget_type=\"text-editor.default\">\n\t\t\t\t<div class=\"elementor-widget-container\">\n\t\t\t\t\t\t\t\t\t<p>ELS COMPTES CLARS I OPTIMITZATS<\/p>\n\t\t\t\t\t\t\t\t<\/div>\n\t\t\t\t<\/div>\n\t\t\t\t<div class=\"elementor-element elementor-element-06ad5cc elementor-widget elementor-widget-text-editor\" data-id=\"06ad5cc\" data-element_type=\"widget\" data-widget_type=\"text-editor.default\">\n\t\t\t\t<div class=\"elementor-widget-container\">\n\t\t\t\t\t\t\t\t\t<h2>Assessorament <span style=\"color: #de8835;\">t\u00e8cnic i jur\u00eddic<\/span><\/h2>\n\t\t\t\t\t\t\t\t<\/div>\n\t\t\t\t<\/div>\n\t\t\t\t<div class=\"elementor-element elementor-element-846c946 elementor-widget elementor-widget-text-editor\" data-id=\"846c946\" data-element_type=\"widget\" data-widget_type=\"text-editor.default\">\n\t\t\t\t<div class=\"elementor-widget-container\">\n\t\t\t\t\t\t\t\t\t<p>El nostre equip disposa d\u2019amplis coneixements en la legislaci\u00f3 que regula actualment les comunitats de ve\u00efns, i tamb\u00e9 amb una dilatada experi\u00e8ncia en la gesti\u00f3 de tr\u00e0mits jur\u00eddics. Prestem assessorament jur\u00eddic permanent en l&#8217;\u00e0mbit de l\u2019administraci\u00f3 de finques, a trav\u00e9s del col\u00b7legi d&#8217;Administradors de Tarragona.<\/p>\n<\/p>\n<p>Us aconsellarem en tot el que necessiteu: mediaci\u00f3 en l&#8217;asseguran\u00e7a comunit\u00e0ria, celebraci\u00f3 de juntes ordin\u00e0ries i extraordin\u00e0ries, elaboraci\u00f3 d&#8217;informes i pressupostos, regulaci\u00f3 de protecci\u00f3 de dades, gesti\u00f3 de certificats electr\u00f2nics, tr\u00e0mits administratius i impostos, etc. D&#8217;aquesta manera, podreu estar tranquils sabent que la vostra comunitat compleix amb les seves obligacions fiscals i socials.<\/p>\n<\/p>\n<p>Estarem encantats de resoldre qualsevol dubte que pugui sorgir-vos. Durem a terme tots els tr\u00e0mits necessaris perqu\u00e8 no h\u00e0giu de preocupar-vos de res i us estalvieu molts maldecaps.<\/p>\n\t\t\t\t\t\t\t\t<\/div>\n\t\t\t\t<\/div>\n\t\t\t\t\t<\/div>\n\t\t<\/div>\n\t\t\t\t\t<\/div>\n\t\t<\/section>\n\t\t\t\t<section class=\"elementor-section elementor-top-section elementor-element elementor-element-d3fd740 pt10 elementor-section-content-middle elementor-section-boxed elementor-section-height-default elementor-section-height-default\" data-id=\"d3fd740\" data-element_type=\"section\" id=\"gestion5\" data-settings=\"{&quot;background_background&quot;:&quot;classic&quot;,&quot;shape_divider_top&quot;:&quot;tilt&quot;,&quot;shape_divider_bottom&quot;:&quot;tilt&quot;}\">\n\t\t\t\t\t<div class=\"elementor-shape elementor-shape-top\" aria-hidden=\"true\" data-negative=\"false\">\n\t\t\t<svg xmlns=\"http:\/\/www.w3.org\/2000\/svg\" viewBox=\"0 0 1000 100\" preserveAspectRatio=\"none\">\n\t<path class=\"elementor-shape-fill\" d=\"M0,6V0h1000v100L0,6z\"\/>\n<\/svg>\t\t<\/div>\n\t\t\t\t<div class=\"elementor-shape elementor-shape-bottom\" aria-hidden=\"true\" data-negative=\"false\">\n\t\t\t<svg xmlns=\"http:\/\/www.w3.org\/2000\/svg\" viewBox=\"0 0 1000 100\" preserveAspectRatio=\"none\">\n\t<path class=\"elementor-shape-fill\" d=\"M0,6V0h1000v100L0,6z\"\/>\n<\/svg>\t\t<\/div>\n\t\t\t\t\t<div class=\"elementor-container elementor-column-gap-default\">\n\t\t\t\t\t<div class=\"elementor-column elementor-col-50 elementor-top-column elementor-element elementor-element-3a4134e\" data-id=\"3a4134e\" data-element_type=\"column\">\n\t\t\t<div class=\"elementor-widget-wrap elementor-element-populated\">\n\t\t\t\t\t\t<div class=\"elementor-element elementor-element-d274413 elementor-widget elementor-widget-text-editor\" data-id=\"d274413\" data-element_type=\"widget\" data-widget_type=\"text-editor.default\">\n\t\t\t\t<div class=\"elementor-widget-container\">\n\t\t\t\t\t\t\t\t\t<h3>Una comunicaci\u00f3 f\u00e0cil i senzilla des del teu m\u00f2bil\n<\/h3>\t\t\t\t\t\t\t\t<\/div>\n\t\t\t\t<\/div>\n\t\t\t\t<div class=\"elementor-element elementor-element-19a0c9a elementor-widget elementor-widget-text-editor\" data-id=\"19a0c9a\" data-element_type=\"widget\" data-widget_type=\"text-editor.default\">\n\t\t\t\t<div class=\"elementor-widget-container\">\n\t\t\t\t\t\t\t\t\t<p>Encara que atenem els nostres clients per tel\u00e8fon, el 80% de les comunicacions les realitzem per email. Aix\u00f2 permet dur a terme una comunicaci\u00f3 directa amb nosaltres des de qualsevol lloc i en qualsevol moment.<\/p>\n<\/p>\n<p>D&#8217;aquesta manera, podr\u00e0s notificar-nos qualsevol incid\u00e8ncia a l&#8217;instant sense sortir de casa, votar en les juntes i, fins i tot, delegar el teu vot. Tu estar\u00e0s sempre assabentat de tot el que succeeix a la comunitat i nosaltres podrem gestionar-ho tot molt m\u00e9s r\u00e0pid. Una manera ideal de millorar la comunicaci\u00f3 i tamb\u00e9 d\u2019estalviar temps.<\/p>\n\t\t\t\t\t\t\t\t<\/div>\n\t\t\t\t<\/div>\n\t\t\t\t<div class=\"elementor-element elementor-element-e775abd animation-none elementor-widget elementor-widget-global elementor-global-1335 elementor-widget-eae-dual-button\" data-id=\"e775abd\" data-element_type=\"widget\" data-widget_type=\"eae-dual-button.default\">\n\t\t\t\t<div class=\"elementor-widget-container\">\n\t\t\t\t\t\t\t<div class=\"eae-dual-button-main-wrapper\">\n\t\t\t<div class=\"eae-dual-button-wrapper button-style-horizontal\">\n\t\t\t\t<div class=\"eae-button1\">\n\t\t\t\t\t<a class=\"eae-button-1-wrapper\" href=\"tel:+35648010575\">\n\t\t\t\t\t\t<div class=\"eae-button-1 icon-before\">\n\t\t\t\t\t\t\t\t\t\t\t\t\t\t\t<div class=\"eae-db-icon-wrapper\">\n\t\t\t\t\t\t\t\t\t<i aria-hidden=\"true\" class=\"fab fa-whatsapp\"><\/i>\t\t\t\t\t\t\t\t<\/div>\n\t\t\t\t\t\t\t\t\t\t\t\t\t\t<div class=\"eae-button-text\">648 01 05 75<\/div>\n\t\t\t\t\t\t<\/div>\n\t\t\t\t\t<\/a>\n\n\t\t\t\t\t\t\t\t\t<\/div>\n\t\t\t\t<div class=\"eae-button2\">\n\t\t\t\t\t\t\t\t\t\t<a class=\"eae-button-2-wrapper\" href=\"tel:+34977385854\">\n\t\t\t\t\t\t<div class=\"eae-button-2 icon-before\">\n\t\t\t\t\t\t\t\t\t\t\t\t\t\t\t<div class=\"eae-db-icon-wrapper\">\n\t\t\t\t\t\t\t\t\t<i aria-hidden=\"true\" class=\"fas fa-phone-alt\"><\/i>\t\t\t\t\t\t\t\t<\/div>\n\t\t\t\t\t\t\t\t\t\t\t\t\t\t<div class=\"eae-button-text\">977 385 854<\/div>\n\t\t\t\t\t\t<\/div>\n\t\t\t\t\t<\/a>\n\t\t\t\t<\/div>\n\t\t\t<\/div>\n\t\t<\/div>\n\t\t\t\t\t\t<\/div>\n\t\t\t\t<\/div>\n\t\t\t\t\t<\/div>\n\t\t<\/div>\n\t\t\t\t<div class=\"elementor-column elementor-col-50 elementor-top-column elementor-element elementor-element-dd06e81\" data-id=\"dd06e81\" data-element_type=\"column\">\n\t\t\t<div class=\"elementor-widget-wrap elementor-element-populated\">\n\t\t\t\t\t\t<div class=\"elementor-element elementor-element-c947fd7 elementor-widget elementor-widget-image\" data-id=\"c947fd7\" data-element_type=\"widget\" data-widget_type=\"image.default\">\n\t\t\t\t<div class=\"elementor-widget-container\">\n\t\t\t\t\t\t\t\t\t\t\t\t\t\t\t<img loading=\"lazy\" decoding=\"async\" width=\"555\" height=\"739\" src=\"https:\/\/finquesactiva.es\/wp-content\/uploads\/2022\/10\/gestion-integral.jpg\" class=\"attachment-full size-full wp-image-2324\" alt=\"\" srcset=\"https:\/\/finquesactiva.es\/wp-content\/uploads\/2022\/10\/gestion-integral.jpg 555w, https:\/\/finquesactiva.es\/wp-content\/uploads\/2022\/10\/gestion-integral-225x300.jpg 225w\" sizes=\"(max-width: 555px) 100vw, 555px\" \/>\t\t\t\t\t\t\t\t\t\t\t\t\t\t\t<\/div>\n\t\t\t\t<\/div>\n\t\t\t\t\t<\/div>\n\t\t<\/div>\n\t\t\t\t\t<\/div>\n\t\t<\/section>\n\t\t\t\t<section class=\"elementor-section elementor-top-section elementor-element elementor-element-c3cc7ee p10 elementor-section-boxed elementor-section-height-default elementor-section-height-default\" data-id=\"c3cc7ee\" data-element_type=\"section\" id=\"gestion6\" data-settings=\"{&quot;background_background&quot;:&quot;classic&quot;}\">\n\t\t\t\t\t\t<div class=\"elementor-container elementor-column-gap-default\">\n\t\t\t\t\t<div class=\"elementor-column elementor-col-100 elementor-top-column elementor-element elementor-element-bbf604c\" data-id=\"bbf604c\" data-element_type=\"column\">\n\t\t\t<div class=\"elementor-widget-wrap elementor-element-populated\">\n\t\t\t\t\t\t<div class=\"elementor-element elementor-element-6690bff elementor-widget elementor-widget-text-editor\" data-id=\"6690bff\" data-element_type=\"widget\" data-widget_type=\"text-editor.default\">\n\t\t\t\t<div class=\"elementor-widget-container\">\n\t\t\t\t\t\t\t\t\t<h4>Preguntes freq\u00fcents<\/h4>\n\t\t\t\t\t\t\t\t<\/div>\n\t\t\t\t<\/div>\n\t\t\t\t<section class=\"elementor-section elementor-inner-section elementor-element elementor-element-4dff099 elementor-section-boxed elementor-section-height-default elementor-section-height-default\" data-id=\"4dff099\" data-element_type=\"section\">\n\t\t\t\t\t\t<div class=\"elementor-container elementor-column-gap-default\">\n\t\t\t\t\t<div class=\"elementor-column elementor-col-50 elementor-inner-column elementor-element elementor-element-595bb17\" data-id=\"595bb17\" data-element_type=\"column\">\n\t\t\t<div class=\"elementor-widget-wrap elementor-element-populated\">\n\t\t\t\t\t\t<div class=\"elementor-element elementor-element-048420a elementor-widget elementor-widget-toggle\" data-id=\"048420a\" data-element_type=\"widget\" data-widget_type=\"toggle.default\">\n\t\t\t\t<div class=\"elementor-widget-container\">\n\t\t\t\t\t\t\t<div class=\"elementor-toggle\">\n\t\t\t\t\t\t\t<div class=\"elementor-toggle-item\">\n\t\t\t\t\t<h5 id=\"elementor-tab-title-4731\" class=\"elementor-tab-title\" data-tab=\"1\" role=\"button\" aria-controls=\"elementor-tab-content-4731\" aria-expanded=\"false\">\n\t\t\t\t\t\t\t\t\t\t\t\t<span class=\"elementor-toggle-icon elementor-toggle-icon-right\" aria-hidden=\"true\">\n\t\t\t\t\t\t\t\t\t\t\t\t\t\t\t<span class=\"elementor-toggle-icon-closed\"><i class=\"fas fa-chevron-down\"><\/i><\/span>\n\t\t\t\t\t\t\t\t<span class=\"elementor-toggle-icon-opened\"><i class=\"elementor-toggle-icon-opened fas fa-chevron-up\"><\/i><\/span>\n\t\t\t\t\t\t\t\t\t\t\t\t\t<\/span>\n\t\t\t\t\t\t\t\t\t\t\t\t<a class=\"elementor-toggle-title\" tabindex=\"0\">Quin tipus de comunitats administreu?<\/a>\n\t\t\t\t\t<\/h5>\n\n\t\t\t\t\t<div id=\"elementor-tab-content-4731\" class=\"elementor-tab-content elementor-clearfix\" data-tab=\"1\" role=\"region\" aria-labelledby=\"elementor-tab-title-4731\"><p><span style=\"font-weight: 400;\">Gestionem tota mena de finques urbanes, des d&#8217;edificis de pocs habitatges a grans urbanitzacions amb moltes cases o diversos blocs de pisos, edificis d&#8217;oficines, soterranis amb garatge que compten amb una comunitat independent constitu\u00efda, etc.<\/span><\/p>\n<\/div>\n\t\t\t\t<\/div>\n\t\t\t\t\t\t\t<div class=\"elementor-toggle-item\">\n\t\t\t\t\t<h5 id=\"elementor-tab-title-4732\" class=\"elementor-tab-title\" data-tab=\"2\" role=\"button\" aria-controls=\"elementor-tab-content-4732\" aria-expanded=\"false\">\n\t\t\t\t\t\t\t\t\t\t\t\t<span class=\"elementor-toggle-icon elementor-toggle-icon-right\" aria-hidden=\"true\">\n\t\t\t\t\t\t\t\t\t\t\t\t\t\t\t<span class=\"elementor-toggle-icon-closed\"><i class=\"fas fa-chevron-down\"><\/i><\/span>\n\t\t\t\t\t\t\t\t<span class=\"elementor-toggle-icon-opened\"><i class=\"elementor-toggle-icon-opened fas fa-chevron-up\"><\/i><\/span>\n\t\t\t\t\t\t\t\t\t\t\t\t\t<\/span>\n\t\t\t\t\t\t\t\t\t\t\t\t<a class=\"elementor-toggle-title\" tabindex=\"0\">Tots els serveis estan inclosos o cobreu partides per separat?<\/a>\n\t\t\t\t\t<\/h5>\n\n\t\t\t\t\t<div id=\"elementor-tab-content-4732\" class=\"elementor-tab-content elementor-clearfix\" data-tab=\"2\" role=\"region\" aria-labelledby=\"elementor-tab-title-4732\"><p><span style=\"font-weight: 400;\">El nostre servei d&#8217;administraci\u00f3 de comunitats de ve\u00efns inclou la gesti\u00f3 global en el preu que es tanca pr\u00e8viament amb el client. Aix\u00f2 vol dir que no cobrem comissions per treballs addicionals, com demanar pressupostos a prove\u00efdors o solucionar una avaria. Sense sorpreses!<\/span><\/p>\n<\/div>\n\t\t\t\t<\/div>\n\t\t\t\t\t\t\t<div class=\"elementor-toggle-item\">\n\t\t\t\t\t<h5 id=\"elementor-tab-title-4733\" class=\"elementor-tab-title\" data-tab=\"3\" role=\"button\" aria-controls=\"elementor-tab-content-4733\" aria-expanded=\"false\">\n\t\t\t\t\t\t\t\t\t\t\t\t<span class=\"elementor-toggle-icon elementor-toggle-icon-right\" aria-hidden=\"true\">\n\t\t\t\t\t\t\t\t\t\t\t\t\t\t\t<span class=\"elementor-toggle-icon-closed\"><i class=\"fas fa-chevron-down\"><\/i><\/span>\n\t\t\t\t\t\t\t\t<span class=\"elementor-toggle-icon-opened\"><i class=\"elementor-toggle-icon-opened fas fa-chevron-up\"><\/i><\/span>\n\t\t\t\t\t\t\t\t\t\t\t\t\t<\/span>\n\t\t\t\t\t\t\t\t\t\t\t\t<a class=\"elementor-toggle-title\" tabindex=\"0\">El vostre servei t\u00e9 perman\u00e8ncia?<\/a>\n\t\t\t\t\t<\/h5>\n\n\t\t\t\t\t<div id=\"elementor-tab-content-4733\" class=\"elementor-tab-content elementor-clearfix\" data-tab=\"3\" role=\"region\" aria-labelledby=\"elementor-tab-title-4733\"><p><span style=\"font-weight: 400;\">No. No obliguem els nostres clients a signar cap classe de contracte de perman\u00e8ncia. Poden deixar de gaudir dels nostres serveis i tornar a contractar-los quan ho desitgin.<\/span><\/p>\n<\/div>\n\t\t\t\t<\/div>\n\t\t\t\t\t\t\t\t\t\t<script type=\"application\/ld+json\">{\"@context\":\"https:\\\/\\\/schema.org\",\"@type\":\"FAQPage\",\"mainEntity\":[{\"@type\":\"Question\",\"name\":\"Quin tipus de comunitats administreu?\",\"acceptedAnswer\":{\"@type\":\"Answer\",\"text\":\"<p><span style=\\\"font-weight: 400;\\\">Gestionem tota mena de finques urbanes, des d&#8217;edificis de pocs habitatges a grans urbanitzacions amb moltes cases o diversos blocs de pisos, edificis d&#8217;oficines, soterranis amb garatge que compten amb una comunitat independent constitu\\u00efda, etc.<\\\/span><\\\/p>\\n\"}},{\"@type\":\"Question\",\"name\":\"Tots els serveis estan inclosos o cobreu partides per separat?\",\"acceptedAnswer\":{\"@type\":\"Answer\",\"text\":\"<p><span style=\\\"font-weight: 400;\\\">El nostre servei d&#8217;administraci\\u00f3 de comunitats de ve\\u00efns inclou la gesti\\u00f3 global en el preu que es tanca pr\\u00e8viament amb el client. Aix\\u00f2 vol dir que no cobrem comissions per treballs addicionals, com demanar pressupostos a prove\\u00efdors o solucionar una avaria. Sense sorpreses!<\\\/span><\\\/p>\\n\"}},{\"@type\":\"Question\",\"name\":\"El vostre servei t\\u00e9 perman\\u00e8ncia?\",\"acceptedAnswer\":{\"@type\":\"Answer\",\"text\":\"<p><span style=\\\"font-weight: 400;\\\">No. No obliguem els nostres clients a signar cap classe de contracte de perman\\u00e8ncia. Poden deixar de gaudir dels nostres serveis i tornar a contractar-los quan ho desitgin.<\\\/span><\\\/p>\\n\"}}]}<\/script>\n\t\t\t\t\t<\/div>\n\t\t\t\t\t\t<\/div>\n\t\t\t\t<\/div>\n\t\t\t\t\t<\/div>\n\t\t<\/div>\n\t\t\t\t<div class=\"elementor-column elementor-col-50 elementor-inner-column elementor-element elementor-element-91cb481\" data-id=\"91cb481\" data-element_type=\"column\">\n\t\t\t<div class=\"elementor-widget-wrap elementor-element-populated\">\n\t\t\t\t\t\t<div class=\"elementor-element elementor-element-cbc3e58 elementor-widget elementor-widget-toggle\" data-id=\"cbc3e58\" data-element_type=\"widget\" data-widget_type=\"toggle.default\">\n\t\t\t\t<div class=\"elementor-widget-container\">\n\t\t\t\t\t\t\t<div class=\"elementor-toggle\">\n\t\t\t\t\t\t\t<div class=\"elementor-toggle-item\">\n\t\t\t\t\t<h5 id=\"elementor-tab-title-2131\" class=\"elementor-tab-title\" data-tab=\"1\" role=\"button\" aria-controls=\"elementor-tab-content-2131\" aria-expanded=\"false\">\n\t\t\t\t\t\t\t\t\t\t\t\t<span class=\"elementor-toggle-icon elementor-toggle-icon-right\" aria-hidden=\"true\">\n\t\t\t\t\t\t\t\t\t\t\t\t\t\t\t<span class=\"elementor-toggle-icon-closed\"><i class=\"fas fa-chevron-down\"><\/i><\/span>\n\t\t\t\t\t\t\t\t<span class=\"elementor-toggle-icon-opened\"><i class=\"elementor-toggle-icon-opened fas fa-chevron-up\"><\/i><\/span>\n\t\t\t\t\t\t\t\t\t\t\t\t\t<\/span>\n\t\t\t\t\t\t\t\t\t\t\t\t<a class=\"elementor-toggle-title\" tabindex=\"0\">Com puc comunicar-me amb vosaltres?<\/a>\n\t\t\t\t\t<\/h5>\n\n\t\t\t\t\t<div id=\"elementor-tab-content-2131\" class=\"elementor-tab-content elementor-clearfix\" data-tab=\"1\" role=\"region\" aria-labelledby=\"elementor-tab-title-2131\"><p><span style=\"font-weight: 400;\">Resulta totalment inversemblant que, en plena \u00e8poca de la comunicaci\u00f3, moltes comunitats encara tinguin problemes per a comunicar-se amb el seu administrador, ja sigui perqu\u00e8 els canals de comunicaci\u00f3 emprats s\u00f3n anacr\u00f2nics com per deixadesa. A Finques Activa aix\u00f2 no et passar\u00e0, ja que t&#8217;oferim atenci\u00f3 tant per tel\u00e8fon com per email i tamb\u00e9 a trav\u00e9s d&#8217;una aplicaci\u00f3 m\u00f2bil, perqu\u00e8 puguis contactar amb nosaltres de la manera que et resulti m\u00e9s c\u00f2mode.<\/span><\/p>\n<\/div>\n\t\t\t\t<\/div>\n\t\t\t\t\t\t\t<div class=\"elementor-toggle-item\">\n\t\t\t\t\t<h5 id=\"elementor-tab-title-2132\" class=\"elementor-tab-title\" data-tab=\"2\" role=\"button\" aria-controls=\"elementor-tab-content-2132\" aria-expanded=\"false\">\n\t\t\t\t\t\t\t\t\t\t\t\t<span class=\"elementor-toggle-icon elementor-toggle-icon-right\" aria-hidden=\"true\">\n\t\t\t\t\t\t\t\t\t\t\t\t\t\t\t<span class=\"elementor-toggle-icon-closed\"><i class=\"fas fa-chevron-down\"><\/i><\/span>\n\t\t\t\t\t\t\t\t<span class=\"elementor-toggle-icon-opened\"><i class=\"elementor-toggle-icon-opened fas fa-chevron-up\"><\/i><\/span>\n\t\t\t\t\t\t\t\t\t\t\t\t\t<\/span>\n\t\t\t\t\t\t\t\t\t\t\t\t<a class=\"elementor-toggle-title\" tabindex=\"0\">Qu\u00e8 faig si tinc alguna incid\u00e8ncia o suggeriment relacionat amb la comunitat?<\/a>\n\t\t\t\t\t<\/h5>\n\n\t\t\t\t\t<div id=\"elementor-tab-content-2132\" class=\"elementor-tab-content elementor-clearfix\" data-tab=\"2\" role=\"region\" aria-labelledby=\"elementor-tab-title-2132\"><p><span style=\"font-weight: 400;\">Podr\u00e0s comunicar-nos, per exemple, si s&#8217;ha trencat el vidre d&#8217;una porta, per tal que ho gestionem r\u00e0pidament i puguem enviar un vidrier per a arreglar-lo.<\/span><\/p>\n<\/div>\n\t\t\t\t<\/div>\n\t\t\t\t\t\t\t\t\t\t<script type=\"application\/ld+json\">{\"@context\":\"https:\\\/\\\/schema.org\",\"@type\":\"FAQPage\",\"mainEntity\":[{\"@type\":\"Question\",\"name\":\"Com puc comunicar-me amb vosaltres?\",\"acceptedAnswer\":{\"@type\":\"Answer\",\"text\":\"<p><span style=\\\"font-weight: 400;\\\">Resulta totalment inversemblant que, en plena \\u00e8poca de la comunicaci\\u00f3, moltes comunitats encara tinguin problemes per a comunicar-se amb el seu administrador, ja sigui perqu\\u00e8 els canals de comunicaci\\u00f3 emprats s\\u00f3n anacr\\u00f2nics com per deixadesa. A Finques Activa aix\\u00f2 no et passar\\u00e0, ja que t&#8217;oferim atenci\\u00f3 tant per tel\\u00e8fon com per email i tamb\\u00e9 a trav\\u00e9s d&#8217;una aplicaci\\u00f3 m\\u00f2bil, perqu\\u00e8 puguis contactar amb nosaltres de la manera que et resulti m\\u00e9s c\\u00f2mode.<\\\/span><\\\/p>\\n\"}},{\"@type\":\"Question\",\"name\":\"Qu\\u00e8 faig si tinc alguna incid\\u00e8ncia o suggeriment relacionat amb la comunitat?\",\"acceptedAnswer\":{\"@type\":\"Answer\",\"text\":\"<p><span style=\\\"font-weight: 400;\\\">Podr\\u00e0s comunicar-nos, per exemple, si s&#8217;ha trencat el vidre d&#8217;una porta, per tal que ho gestionem r\\u00e0pidament i puguem enviar un vidrier per a arreglar-lo.<\\\/span><\\\/p>\\n\"}}]}<\/script>\n\t\t\t\t\t<\/div>\n\t\t\t\t\t\t<\/div>\n\t\t\t\t<\/div>\n\t\t\t\t\t<\/div>\n\t\t<\/div>\n\t\t\t\t\t<\/div>\n\t\t<\/section>\n\t\t\t\t\t<\/div>\n\t\t<\/div>\n\t\t\t\t\t<\/div>\n\t\t<\/section>\n\t\t\t\t<section class=\"elementor-section elementor-top-section elementor-element elementor-element-51f3bd4 elementor-section-boxed elementor-section-height-default elementor-section-height-default\" data-id=\"51f3bd4\" data-element_type=\"section\" id=\"home3\" data-settings=\"{&quot;background_background&quot;:&quot;classic&quot;}\">\n\t\t\t\t\t\t<div class=\"elementor-container elementor-column-gap-default\">\n\t\t\t\t\t<div class=\"elementor-column elementor-col-100 elementor-top-column elementor-element elementor-element-b6a696a\" data-id=\"b6a696a\" data-element_type=\"column\" data-settings=\"{&quot;background_background&quot;:&quot;classic&quot;}\">\n\t\t\t<div class=\"elementor-widget-wrap elementor-element-populated\">\n\t\t\t\t\t\t<div class=\"elementor-element elementor-element-381845b elementor-widget elementor-widget-text-editor\" data-id=\"381845b\" data-element_type=\"widget\" data-widget_type=\"text-editor.default\">\n\t\t\t\t<div class=\"elementor-widget-container\">\n\t\t\t\t\t\t\t\t\t<h2>Comunicaci\u00f3 senzilla i sempre disponible\n<\/h2>\t\t\t\t\t\t\t\t<\/div>\n\t\t\t\t<\/div>\n\t\t\t\t<div class=\"elementor-element elementor-element-f6ece8f elementor-widget elementor-widget-text-editor\" data-id=\"f6ece8f\" data-element_type=\"widget\" data-widget_type=\"text-editor.default\">\n\t\t\t\t<div class=\"elementor-widget-container\">\n\t\t\t\t\t\t\t\t\tFinques Activa \u00e9s un despatx digitalitzat. Comptem amb un sistema d\u2019intranet, on cada comunitat disposa del seu propi usuari i clau d&#8217;acc\u00e9s. Podreu notificar qualsevol incid\u00e8ncia perqu\u00e8 la vegem directament. D&#8217;aquesta manera, la comunicaci\u00f3 \u00e9s molt m\u00e9s fluida i, a m\u00e9s, ho podeu fer des del lloc i en el moment que millor us vagi. Una comunicaci\u00f3 directa, amb una disponibilitat gaireb\u00e9 total.\n\t\t\t\t\t\t\t\t<\/div>\n\t\t\t\t<\/div>\n\t\t\t\t<div class=\"elementor-element elementor-element-aff509a animation-none elementor-widget elementor-widget-global elementor-global-1341 elementor-widget-eae-dual-button\" data-id=\"aff509a\" data-element_type=\"widget\" data-widget_type=\"eae-dual-button.default\">\n\t\t\t\t<div class=\"elementor-widget-container\">\n\t\t\t\t\t\t\t<div class=\"eae-dual-button-main-wrapper\">\n\t\t\t<div class=\"eae-dual-button-wrapper button-style-horizontal\">\n\t\t\t\t<div class=\"eae-button1\">\n\t\t\t\t\t<a class=\"eae-button-1-wrapper\" href=\"tel:+35648010575\">\n\t\t\t\t\t\t<div class=\"eae-button-1 icon-before\">\n\t\t\t\t\t\t\t\t\t\t\t\t\t\t\t<div class=\"eae-db-icon-wrapper\">\n\t\t\t\t\t\t\t\t\t<i aria-hidden=\"true\" class=\"fab fa-whatsapp\"><\/i>\t\t\t\t\t\t\t\t<\/div>\n\t\t\t\t\t\t\t\t\t\t\t\t\t\t<div class=\"eae-button-text\">648 01 05 75<\/div>\n\t\t\t\t\t\t<\/div>\n\t\t\t\t\t<\/a>\n\n\t\t\t\t\t\t\t\t\t<\/div>\n\t\t\t\t<div class=\"eae-button2\">\n\t\t\t\t\t\t\t\t\t\t<a class=\"eae-button-2-wrapper\" href=\"tel:+34977385854\">\n\t\t\t\t\t\t<div class=\"eae-button-2 icon-after\">\n\t\t\t\t\t\t\t\t\t\t\t\t\t\t\t<div class=\"eae-db-icon-wrapper\">\n\t\t\t\t\t\t\t\t\t<i aria-hidden=\"true\" class=\"fas fa-phone-alt\"><\/i>\t\t\t\t\t\t\t\t<\/div>\n\t\t\t\t\t\t\t\t\t\t\t\t\t\t<div class=\"eae-button-text\">977 385 854<\/div>\n\t\t\t\t\t\t<\/div>\n\t\t\t\t\t<\/a>\n\t\t\t\t<\/div>\n\t\t\t<\/div>\n\t\t<\/div>\n\t\t\t\t\t\t<\/div>\n\t\t\t\t<\/div>\n\t\t\t\t\t<\/div>\n\t\t<\/div>\n\t\t\t\t\t<\/div>\n\t\t<\/section>\n\t\t\t\t<section class=\"elementor-section elementor-top-section elementor-element elementor-element-d087a4f elementor-section-height-min-height elementor-section-boxed elementor-section-height-default elementor-section-items-middle\" data-id=\"d087a4f\" data-element_type=\"section\" data-settings=\"{&quot;background_background&quot;:&quot;classic&quot;,&quot;shape_divider_top&quot;:&quot;tilt&quot;}\">\n\t\t\t\t\t<div class=\"elementor-shape elementor-shape-top\" aria-hidden=\"true\" data-negative=\"false\">\n\t\t\t<svg xmlns=\"http:\/\/www.w3.org\/2000\/svg\" viewBox=\"0 0 1000 100\" preserveAspectRatio=\"none\">\n\t<path class=\"elementor-shape-fill\" d=\"M0,6V0h1000v100L0,6z\"\/>\n<\/svg>\t\t<\/div>\n\t\t\t\t\t<div class=\"elementor-container elementor-column-gap-default\">\n\t\t\t\t\t<div class=\"elementor-column elementor-col-100 elementor-top-column elementor-element elementor-element-d4ed015\" data-id=\"d4ed015\" data-element_type=\"column\">\n\t\t\t<div class=\"elementor-widget-wrap\">\n\t\t\t\t\t\t\t<\/div>\n\t\t<\/div>\n\t\t\t\t\t<\/div>\n\t\t<\/section>\n\t\t\t\t<\/div>\n\t\t","protected":false},"excerpt":{"rendered":"<p>Gesti\u00f3 de finques integral A Finques Activa som experts en l&#8217;administraci\u00f3 de finques. Ens ocupem de tot el que sigui necessari perqu\u00e8 els nostres clients gaudeixin d&#8217;una comunitat cuidada, on tot funcioni correctament. Et proporcionem ajuda tant amb les tasques de manteniment i millora com en assumptes jur\u00eddics, legals i fiscals. 648 01 05 75 &#8230; <a title=\"Gesti\u00f3 de finques\" class=\"read-more\" href=\"https:\/\/finquesactiva.es\/ca\/gestio-de-finques\/\" aria-label=\"M\u00e9s informaci\u00f3 sobre Gesti\u00f3 de finques\">Llegiu m\u00e9s<\/a><\/p>\n","protected":false},"author":1,"featured_media":0,"parent":0,"menu_order":0,"comment_status":"closed","ping_status":"closed","template":"","meta":{"inline_featured_image":false,"footnotes":""},"class_list":["post-2442","page","type-page","status-publish"],"_links":{"self":[{"href":"https:\/\/finquesactiva.es\/ca\/wp-json\/wp\/v2\/pages\/2442","targetHints":{"allow":["GET"]}}],"collection":[{"href":"https:\/\/finquesactiva.es\/ca\/wp-json\/wp\/v2\/pages"}],"about":[{"href":"https:\/\/finquesactiva.es\/ca\/wp-json\/wp\/v2\/types\/page"}],"author":[{"embeddable":true,"href":"https:\/\/finquesactiva.es\/ca\/wp-json\/wp\/v2\/users\/1"}],"replies":[{"embeddable":true,"href":"https:\/\/finquesactiva.es\/ca\/wp-json\/wp\/v2\/comments?post=2442"}],"version-history":[{"count":10,"href":"https:\/\/finquesactiva.es\/ca\/wp-json\/wp\/v2\/pages\/2442\/revisions"}],"predecessor-version":[{"id":2520,"href":"https:\/\/finquesactiva.es\/ca\/wp-json\/wp\/v2\/pages\/2442\/revisions\/2520"}],"wp:attachment":[{"href":"https:\/\/finquesactiva.es\/ca\/wp-json\/wp\/v2\/media?parent=2442"}],"curies":[{"name":"wp","href":"https:\/\/api.w.org\/{rel}","templated":true}]}}